{"id":14888,"date":"2023-01-23T13:34:14","date_gmt":"2023-01-23T18:34:14","guid":{"rendered":"https:\/\/www.med.unc.edu\/neurology\/?page_id=14888"},"modified":"2023-08-08T13:51:05","modified_gmt":"2023-08-08T17:51:05","slug":"presentations-2023","status":"publish","type":"page","link":"https:\/\/www.med.unc.edu\/neurology\/presentations__trashed\/presentations-2023\/","title":{"rendered":"Presentations 2023"},"content":{"rendered":"<p>Presentations made by UNC Neurology faculty and residents in 2023 include the following:<\/p>\n<div role=\"tablist\" class=\"panel-group yourcustomclass oscitas-bootstrap-container\" id=\"unc-accordion-0\">\n\n<div class=\"panel panel-default oscitas-bootstrap-container\">\n\n    <div id=\"panel-heading-details-0-0\" class=\"panel-heading oscitas-bootstrap-container\" role=\"tab\">\n\n        <h2 class=\"panel-title oscitas-bootstrap-container\">\n\n            <button class=\"accordion-toggle oscitas-bootstrap-container collapsed\" \n                id = \"button-details-0-0\"\n                data-toggle=\"collapse\"\n                data-parent=\"#unc-accordion-0\"    \n                aria-controls=\"#details-0-0\"  \n                aria-expanded=\"false\" \n                href=\"#details-0-0\">\n                January            <\/button>\n\n        <\/h2>\n\n    <\/div>\n\n    <div id=\"details-0-0\" class=\"panel-collapse collapse  oscitas-bootstrap-container\">\n\n        <div class=\"panel-body oscitas-bootstrap-container\">\n<p><img loading=\"lazy\" decoding=\"async\" class=\"size-medium wp-image-15116 alignright\" src=\"https:\/\/www.med.unc.edu\/neurology\/wp-content\/uploads\/sites\/716\/2023\/01\/3-300x225.jpg\" alt=\"Jessica Werdel, NP - Choosing Wisely: A QI Initiative to Reduce Daily Labs in the Neuroscience ICU\" width=\"300\" height=\"225\" srcset=\"https:\/\/www.med.unc.edu\/neurology\/wp-content\/uploads\/sites\/716\/2023\/01\/3-300x225.jpg 300w, https:\/\/www.med.unc.edu\/neurology\/wp-content\/uploads\/sites\/716\/2023\/01\/3-280x210.jpg 280w, https:\/\/www.med.unc.edu\/neurology\/wp-content\/uploads\/sites\/716\/2023\/01\/3-600x450.jpg 600w, https:\/\/www.med.unc.edu\/neurology\/wp-content\/uploads\/sites\/716\/2023\/01\/3.jpg 640w\" sizes=\"auto, (max-width: 300px) 100vw, 300px\" \/><\/p>\n<p><strong>Jessica Werdel, NP<\/strong>, gave the oral abstract presentation: &#8220;Choosing Wisely: A QI Initiative to Reduce Daily Labs in the Neuroscience ICU&#8221; on January 22<sup>nd<\/sup>, 2023, at the Society of Critical Care Medicine Critical Care Congress, San Francisco, California.\u00a0 Her research was conducted as a participant in Duke Johnson &amp; Johnson Nurse Leadership Program.\u00a0 Her abstract was co-authored by <span data-ogsc=\"black\">co-authored by<b>\u00a0<\/b>Binta Diallo, Rhonda Cadena, Grace Dehoff, Winnie Lau, Clio Rubinos, Matthew Sharrock, and Casey Olm-Shipman.<\/span><\/p>\n<hr  style=\"margin:40px 0\"class=\" rule-thin osc-rule\" \/>\n<p><strong>James F. Howard, Jr., M.D., FAAN<\/strong><\/p>\n<p class=\"x_MsoNormal\"><b>Howard JF Jr,\u00a0<\/b>Complement Therapeutics in Myasthenia Gravis (by webcast), 26<sup>th<\/sup>\u00a0Saudi Neurological Society in association with the 18<sup>th<\/sup>\u00a0Pan Arab Union &amp; 13<sup>th<\/sup>\u00a0Gulf Neurology Meeting Symposia, Jeddah, Kingdom of Saudi Arabia, January 12, 2023.<\/p>\n<p class=\"x_MsoNormal\"><b>Howard JF Jr,\u00a0<\/b>US Perspective: Myasthenia Gravis Management in the New Era of Biologics (by webcast), at the International MG Forum, China, January 14, 2023.<\/p>\n<\/div>\n\n    <\/div>\n        \n<\/div>\n<\/div>\n<div role=\"tablist\" class=\"panel-group yourcustomclass oscitas-bootstrap-container\" id=\"unc-accordion-1\">\n\n<div class=\"panel panel-default oscitas-bootstrap-container\">\n\n    <div id=\"panel-heading-details-1-0\" class=\"panel-heading oscitas-bootstrap-container\" role=\"tab\">\n\n        <h2 class=\"panel-title oscitas-bootstrap-container\">\n\n            <button class=\"accordion-toggle oscitas-bootstrap-container collapsed\" \n                id = \"button-details-1-0\"\n                data-toggle=\"collapse\"\n                data-parent=\"#unc-accordion-1\"    \n                aria-controls=\"#details-1-0\"  \n                aria-expanded=\"false\" \n                href=\"#details-1-0\">\n                February            <\/button>\n\n        <\/h2>\n\n    <\/div>\n\n    <div id=\"details-1-0\" class=\"panel-collapse collapse  oscitas-bootstrap-container\">\n\n        <div class=\"panel-body oscitas-bootstrap-container\">\n<p><img loading=\"lazy\" decoding=\"async\" class=\"size-medium wp-image-16233 alignright\" src=\"https:\/\/www.med.unc.edu\/neurology\/wp-content\/uploads\/sites\/716\/2023\/04\/Fazila-Aseem-MD-Poster-Presentation-272x300.png\" alt=\"\" width=\"272\" height=\"300\" srcset=\"https:\/\/www.med.unc.edu\/neurology\/wp-content\/uploads\/sites\/716\/2023\/04\/Fazila-Aseem-MD-Poster-Presentation-272x300.png 272w, https:\/\/www.med.unc.edu\/neurology\/wp-content\/uploads\/sites\/716\/2023\/04\/Fazila-Aseem-MD-Poster-Presentation-929x1024.png 929w, https:\/\/www.med.unc.edu\/neurology\/wp-content\/uploads\/sites\/716\/2023\/04\/Fazila-Aseem-MD-Poster-Presentation-768x847.png 768w, https:\/\/www.med.unc.edu\/neurology\/wp-content\/uploads\/sites\/716\/2023\/04\/Fazila-Aseem-MD-Poster-Presentation-600x662.png 600w, https:\/\/www.med.unc.edu\/neurology\/wp-content\/uploads\/sites\/716\/2023\/04\/Fazila-Aseem-MD-Poster-Presentation.png 1187w\" sizes=\"auto, (max-width: 272px) 100vw, 272px\" \/>Poster \u201cNeuromyelitis Optica Spectrum Disorder in a Pediatric Patient with ARCN1-related syndrome\u201d authored by Dr. Fazila Aseem and mentored by Dr. Irena Dujmovic Basuroski was presented at the 2023 NC Neurological Society Annual Meeting (Pinehurst, NC; Feb. 10-12,\u202f2023) and was awarded the 2nd best poster award at this meeting.<\/p>\n<hr  style=\"margin:40px 0\"class=\" rule-thin osc-rule\" \/>\n<p>PGY 2 Resident <strong>Amanda Crooks<\/strong> and PGY 4 Resident <strong>Lindsey Krawchuk<\/strong> both taught at the UNC School of Medicine, Transition to Residency Program<\/p>\n<hr  style=\"margin:40px 0\"class=\" rule-thin osc-rule\" \/>\n<p>PGY3 Resident <strong>Joshua Nardin<\/strong> had a platform presentation at North Carolina Neurologic Society Meeting in February titled \u201cComplement Inhibition for gMG; Recent Developments in Therapeutic Options&#8221;.<\/p>\n<hr  style=\"margin:40px 0\"class=\" rule-thin osc-rule\" \/>\n<p>PGY 3 Resident Diana Ontiveros completed the Academy of Educators Teaching as Residents Program<\/p>\n<hr  style=\"margin:40px 0\"class=\" rule-thin osc-rule\" \/>\n<p><strong>Clio Rubinos, MD, MSCR <\/strong><\/p>\n<p>Speaker \u201cFrom the Beginning: Updates and Future Direction in Understanding Autoregulation in Coma and Disorders of Consciousness\u201d at the International Stroke Conference, Dallas, Texas \u2013 USA. February 9th, 2023.<\/p>\n<p>Speaker \u201cDebate: Hypertonic Saline for ICP\u201d at the International Stroke Conference, Dallas, Texas \u2013 USA. February 7th, 2023.<\/p>\n<hr  style=\"margin:40px 0\"class=\" rule-thin osc-rule\" \/>\n<p><img loading=\"lazy\" decoding=\"async\" class=\"size-medium wp-image-16235 alignright\" src=\"https:\/\/www.med.unc.edu\/neurology\/wp-content\/uploads\/sites\/716\/2023\/04\/Dr.-Bushra-Javed-Poster-Presentation-300x227.png\" alt=\"\" width=\"300\" height=\"227\" srcset=\"https:\/\/www.med.unc.edu\/neurology\/wp-content\/uploads\/sites\/716\/2023\/04\/Dr.-Bushra-Javed-Poster-Presentation-300x227.png 300w, https:\/\/www.med.unc.edu\/neurology\/wp-content\/uploads\/sites\/716\/2023\/04\/Dr.-Bushra-Javed-Poster-Presentation-1024x776.png 1024w, https:\/\/www.med.unc.edu\/neurology\/wp-content\/uploads\/sites\/716\/2023\/04\/Dr.-Bushra-Javed-Poster-Presentation-768x582.png 768w, https:\/\/www.med.unc.edu\/neurology\/wp-content\/uploads\/sites\/716\/2023\/04\/Dr.-Bushra-Javed-Poster-Presentation-1536x1164.png 1536w, https:\/\/www.med.unc.edu\/neurology\/wp-content\/uploads\/sites\/716\/2023\/04\/Dr.-Bushra-Javed-Poster-Presentation-600x455.png 600w, https:\/\/www.med.unc.edu\/neurology\/wp-content\/uploads\/sites\/716\/2023\/04\/Dr.-Bushra-Javed-Poster-Presentation.png 1963w\" sizes=\"auto, (max-width: 300px) 100vw, 300px\" \/>Dr. Bushra Javed, UNC MS\/Neuroimmunology Fellow, presented the poster \u201cBrain leptomeningeal contrast enhancement and cranial nerve enhancement in a pediatric-onset multiple sclerosis patient during fingolimod rebound: a case report\u201d at the 2023 \u202fAmericas Committee for Treatment and Research in Multiple Sclerosis (ACTRIMS) Forum (February 23-25, 2023; San Diego, CA). In addition to Dr. Javed, poster was co-authored by Dr. Loulwah Mukharesh, Clara Zelasky, Stephanie Iyer, Dr. Monica M. Diaz. and mentored by Dr. Irena Dujmovic Basuroski.<\/p>\n<\/div>\n\n    <\/div>\n        \n<\/div>\n<\/div>\n<div role=\"tablist\" class=\"panel-group yourcustomclass oscitas-bootstrap-container\" id=\"unc-accordion-2\">\n\n<div class=\"panel panel-default oscitas-bootstrap-container\">\n\n    <div id=\"panel-heading-details-2-0\" class=\"panel-heading oscitas-bootstrap-container\" role=\"tab\">\n\n        <h2 class=\"panel-title oscitas-bootstrap-container\">\n\n            <button class=\"accordion-toggle oscitas-bootstrap-container collapsed\" \n                id = \"button-details-2-0\"\n                data-toggle=\"collapse\"\n                data-parent=\"#unc-accordion-2\"    \n                aria-controls=\"#details-2-0\"  \n                aria-expanded=\"false\" \n                href=\"#details-2-0\">\n                March            <\/button>\n\n        <\/h2>\n\n    <\/div>\n\n    <div id=\"details-2-0\" class=\"panel-collapse collapse  oscitas-bootstrap-container\">\n\n        <div class=\"panel-body oscitas-bootstrap-container\">\n<p><strong>James F. Howard, Jr., M.D., FAAN<\/strong><\/p>\n<p class=\"x_MsoNormal\"><b>Howard JF Jr,\u00a0<\/b>Reducing the Disease and Treatment Burdens of Myasthenia Gravis with Targeted Therapies, at Cleveland Clinic Department of Neurology Grand Rounds, \u00a0Cincinnati, OH, March 8, 2023<\/p>\n<p class=\"x_MsoNormal\">Tarc C, Boroojerdi B, Leite MI, Genge A, Hussain Y, Kaminski HJ, Mantegazza R, Vu T, Brock M, Vanderkelen M, De la Borderie G, Duda PW, Utsugisawa K,\u00a0<b>Howard JF Jr<\/b>, on behalf of the RAISE investigators (<b>Chopra M, Traub RE<\/b>): Efficacit\u00e9 et s\u00e9curit\u00e9 du zilucoplan chez les patients atteints de myasth\u00e9nie grave g\u00e9n\u00e9ralis\u00e9e (MGg): r\u00e9sultats de l\u2019\u00e9tude de phase 3. Poster presented at the 27e Journ\u00e9es de la Soci\u00e9t\u00e9 Francophone du Nerf P\u00e9riph\u00e9rique (SFNP) 2023, Paris, France; 10\u201311 March 2023.<\/p>\n<p class=\"x_MsoNormal\">Mozaffar T, Mantegazza R, Attarian S, Vissing J, Yoshimura S, Beasley K, Liao S, Pandya S\u00a0<b>Howard JF Jr<\/b>: Ravulizumab in Adults with Generalized Myasthenia Gravis: A Post hoc Analysis of the Phase 3 CHAMPION MG Study by Muscle Domain. Poster presented at the 2023 Muscular Dystrophy Association (MDA) Clinical &amp; Scientific Conference, Dallas, TX, 19-22 March 2023.<\/p>\n<p class=\"x_MsoNormal\">Behr, M, Li G, Vu T, Bril V, Margania T, Korobko D, Smilowski M, Banaszkiewicz K, Liu L, Steeland S, Noukens J, Van Hoorick B, Podhorna J, Li Y, Utsugisawa K, Wiendl H, De Bleecker JL, Mantegazza R,\u00a0<b>Howard JF Jr<\/b>\u00a0in collaboration with the ADAPTsc Study Group (<b>Chopra M<\/b>): Pharmacodynamic Noninferiority Study Comparing Subcutaneous Injections of Efgartigimod PH20 With Intravenous Infusions of Efgartigimod: Results of Phase 3 ADAPTsc Study.\u00a0 Poster presented at the 2023 Muscular Dystrophy Association (MDA) Clinical &amp; Scientific Conference, Dallas, TX, 19-22 March 2023.<\/p>\n<p class=\"x_MsoNormal\"><b>Gelinas D<\/b>, Vu T, Bril V, Karam C, Peric S, De Bleecker JL, Murai H, Pasnoor M, Sacca F, Meisel A, T\u2019joen C, Utsugisawa K, Mantegazza R,\u00a0<b>Howard JF Jr<\/b>\u00a0in collaboration with the ADAPT Study Group (<b>Chopra M<\/b>): Efficacy, Safety, and Tolerability of Efgartigimod in AChR-Ab\u2013 Patients With Generalized Myasthenia Gravis: Interim Analysis of ADAPT\/ADAPT+ Studies.\u00a0 Poster presented at the 2023 Muscular Dystrophy Association (MDA) Clinical &amp; Scientific Conference, Dallas, TX, 19-22 March 2023.<\/p>\n<p class=\"x_MsoNormal\">Ritt E, Bril V, Vu T, Brauer E, Kerstens R,\u00a0<b>Howard JF Jr<\/b>\u00a0in collaboration with the ADAPT Study Group (<b>Chopra M<\/b>): Efgartigimod Demonstrates Consistent Improvements in Generalized Myasthenia Gravis Across Patient Subgroups, Including Early in Diagnosis.\u00a0 Poster presented at the 2023 Muscular Dystrophy Association (MDA) Clinical &amp; Scientific Conference, Dallas, TX, 19-22 March 2023.<\/p>\n<p class=\"x_MsoNormal\"><b>Howard JF Jr<\/b>, Bril V, Vu T, Peric S, De Bleecker JL, Murai H. Meisel A, Beydoun S, Pasnoor M, T\u2019joen C, Utsugisawa K, Mantegazza R in collaboration with the ADAPT Investigator Study Group (<b>Chopra M<\/b>): Long-term Safety and Efficacy of Efgartigimod in Patients With Generalized Myasthenia Gravis: Interim Results of the ADAPT+ Study.\u00a0 Poster presented at 26th Congress of the Medical-Scientific Advisory Board of the German Society for Muscle Diseases (DGM); Essen, Germany, 22\u250024 March 2023.<\/p>\n<p class=\"x_MsoNormal\">Behr M, L\u00fcnemann JD, Li G, Vu T, Bril V, Margania T, Korobko D, Smilowski M, Liu L, Steeland S, Noukens J. van Hoorick B, Podhorna J, Li Y, Utsugisawa K, Wiendl H, De Bleecker JL, Mantegazza R,\u00a0<b>Howard JF Jr<\/b>, for the ADAPT-SC study group (<b>Chopra M<\/b>): Pharmacodynamic Noninferiority Study Comparing Subcutaneous Efgartigimod PH20 With Intravenous Efgartigimod: Results of Phase 3 ADAPT-SC Study.\u00a0 Poster presented at 26th Congress of the Medical-Scientific Advisory Board of the German Society for Muscle Diseases (DGM); Essen, Germany, 22\u250024 March 2023.<\/p>\n<hr  style=\"margin:40px 0\"class=\" rule-thin osc-rule\" \/>\n<p><strong>Winnie Lau, MD<\/strong> gave the opening plenary presentation &#8220;Faculty Thriving in Academic Medicine: From Mission Impossible to Mission Accomplished&#8221;\u00a0 at the AAMC Council of Faculty and Academic Societies in March.<\/p>\n<hr  style=\"margin:40px 0\"class=\" rule-thin osc-rule\" \/>\n<p>PGY 3 Resident and rising Chief <strong>James Andrews<\/strong> presented his poster\u201cApplication of the Yale Adult EEG Background Grading Scale at a Single Center\u201d at ACNS conference. There is a picture of this on social media that you can take.<\/p>\n<hr  style=\"margin:40px 0\"class=\" rule-thin osc-rule\" \/>\n<p><strong>Clio Rubinos, MD, MSCR<\/strong><\/p>\n<p>Speaker and Moderator \u201cBalancing the Risk-Benefit Ratio of Anti-Seizure Treatment in Acute Brain Injury\u201d at the American Clinical Neurophysiology Society, Austin, Texas \u2013 March 29<sup>th<\/sup>, 2023.<\/p>\n<p><strong>Abstracts presented:<\/strong><\/p>\n<p>Andrews J, LaRoche S, Rubinos C. Application of the Yale Adult EEG background Grading Scale at a Single Center. American Clinical Neurophysiology Society, March 26 \u2013 30th, 2023<\/p>\n<div class=\"soliloquy-outer-container\" data-soliloquy-loaded=\"0\"><div aria-live=\"polite\" id=\"soliloquy-container-16258\" class=\"soliloquy-container soliloquy-transition-fade soliloquy-fade soliloquy-controls-active soliloquy-arrows-active  soliloquy-theme-base no-js\" style=\"max-width:860px;margin:0 auto 20px;\"><ul id=\"soliloquy-16258\" class=\"soliloquy-slider soliloquy-slides soliloquy-wrap soliloquy-clear\"><li aria-hidden=\"true\" class=\"soliloquy-item soliloquy-item-1 soliloquy-id-16260 soliloquy-image-slide\" draggable=\"false\" style=\"list-style:none;\"><img decoding=\"async\" loading=\"lazy\" id=\"soliloquy-image-16260\" class=\"soliloquy-image soliloquy-image-1\" src=\"https:\/\/www.med.unc.edu\/neurology\/wp-content\/uploads\/sites\/716\/2023\/04\/thumbnail_IMG_0092-860x600_c.jpg\" alt=\"thumbnail_IMG_0092\" \/><\/li><li aria-hidden=\"true\" class=\"soliloquy-item soliloquy-item-2 soliloquy-id-16261 soliloquy-image-slide\" draggable=\"false\" style=\"list-style:none;\"><img decoding=\"async\" loading=\"lazy\" id=\"soliloquy-image-16261\" class=\"soliloquy-image soliloquy-image-2 soliloquy-preload\" src=\"https:\/\/www.med.unc.edu\/neurology\/wp-content\/plugins\/soliloquy\/assets\/css\/images\/holder.gif\" data-soliloquy-src=\"https:\/\/www.med.unc.edu\/neurology\/wp-content\/uploads\/sites\/716\/2023\/04\/thumbnail_IMG_0077-860x600_c.jpg\" alt=\"thumbnail_IMG_0077\" \/><\/li><li aria-hidden=\"true\" class=\"soliloquy-item soliloquy-item-3 soliloquy-id-16262 soliloquy-image-slide\" draggable=\"false\" style=\"list-style:none;\"><img decoding=\"async\" loading=\"lazy\" id=\"soliloquy-image-16262\" class=\"soliloquy-image soliloquy-image-3 soliloquy-preload\" src=\"https:\/\/www.med.unc.edu\/neurology\/wp-content\/plugins\/soliloquy\/assets\/css\/images\/holder.gif\" data-soliloquy-src=\"https:\/\/www.med.unc.edu\/neurology\/wp-content\/uploads\/sites\/716\/2023\/04\/thumbnail_IMG_0069-860x600_c.jpg\" alt=\"thumbnail_IMG_0069\" \/><\/li><li aria-hidden=\"true\" class=\"soliloquy-item soliloquy-item-4 soliloquy-id-16263 soliloquy-image-slide\" draggable=\"false\" style=\"list-style:none;\"><img decoding=\"async\" loading=\"lazy\" id=\"soliloquy-image-16263\" class=\"soliloquy-image soliloquy-image-4 soliloquy-preload\" src=\"https:\/\/www.med.unc.edu\/neurology\/wp-content\/plugins\/soliloquy\/assets\/css\/images\/holder.gif\" data-soliloquy-src=\"https:\/\/www.med.unc.edu\/neurology\/wp-content\/uploads\/sites\/716\/2023\/04\/thumbnail_IMG_0063-860x600_c.jpg\" alt=\"thumbnail_IMG_0063\" \/><\/li><li aria-hidden=\"true\" class=\"soliloquy-item soliloquy-item-5 soliloquy-id-16264 soliloquy-image-slide\" draggable=\"false\" style=\"list-style:none;\"><img decoding=\"async\" loading=\"lazy\" id=\"soliloquy-image-16264\" class=\"soliloquy-image soliloquy-image-5 soliloquy-preload\" src=\"https:\/\/www.med.unc.edu\/neurology\/wp-content\/plugins\/soliloquy\/assets\/css\/images\/holder.gif\" data-soliloquy-src=\"https:\/\/www.med.unc.edu\/neurology\/wp-content\/uploads\/sites\/716\/2023\/04\/thumbnail_image002-1-860x600_c.jpg\" alt=\"thumbnail_image002 (1)\" \/><\/li><li aria-hidden=\"true\" class=\"soliloquy-item soliloquy-item-6 soliloquy-id-16259 soliloquy-image-slide\" draggable=\"false\" style=\"list-style:none;\"><img decoding=\"async\" loading=\"lazy\" id=\"soliloquy-image-16259\" class=\"soliloquy-image soliloquy-image-6 soliloquy-preload\" src=\"https:\/\/www.med.unc.edu\/neurology\/wp-content\/plugins\/soliloquy\/assets\/css\/images\/holder.gif\" data-soliloquy-src=\"https:\/\/www.med.unc.edu\/neurology\/wp-content\/uploads\/sites\/716\/2023\/04\/thumbnail_image001-1-860x600_c.jpg\" alt=\"thumbnail_image001 (1)\" \/><\/li><\/ul><\/div><noscript><div class=\"soliloquy-no-js\" style=\"display:none;visibility:hidden;height:0;line-height:0;opacity:0;\"><img decoding=\"async\" class=\"soliloquy-image soliloquy-no-js-image skip-lazy\" loading=\"lazy\" src=\"https:\/\/www.med.unc.edu\/neurology\/wp-content\/uploads\/sites\/716\/2023\/04\/thumbnail_IMG_0092.jpg\" alt=\"thumbnail_IMG_0092\" \/><img decoding=\"async\" class=\"soliloquy-image soliloquy-no-js-image skip-lazy\" loading=\"lazy\" src=\"https:\/\/www.med.unc.edu\/neurology\/wp-content\/uploads\/sites\/716\/2023\/04\/thumbnail_IMG_0077.jpg\" alt=\"thumbnail_IMG_0077\" \/><img decoding=\"async\" class=\"soliloquy-image soliloquy-no-js-image skip-lazy\" loading=\"lazy\" src=\"https:\/\/www.med.unc.edu\/neurology\/wp-content\/uploads\/sites\/716\/2023\/04\/thumbnail_IMG_0069.jpg\" alt=\"thumbnail_IMG_0069\" \/><img decoding=\"async\" class=\"soliloquy-image soliloquy-no-js-image skip-lazy\" loading=\"lazy\" src=\"https:\/\/www.med.unc.edu\/neurology\/wp-content\/uploads\/sites\/716\/2023\/04\/thumbnail_IMG_0063.jpg\" alt=\"thumbnail_IMG_0063\" \/><img decoding=\"async\" class=\"soliloquy-image soliloquy-no-js-image skip-lazy\" loading=\"lazy\" src=\"https:\/\/www.med.unc.edu\/neurology\/wp-content\/uploads\/sites\/716\/2023\/04\/thumbnail_image002-1.jpg\" alt=\"thumbnail_image002 (1)\" \/><img decoding=\"async\" class=\"soliloquy-image soliloquy-no-js-image skip-lazy\" loading=\"lazy\" src=\"https:\/\/www.med.unc.edu\/neurology\/wp-content\/uploads\/sites\/716\/2023\/04\/thumbnail_image001-1.jpg\" alt=\"thumbnail_image001 (1)\" \/><\/div><\/noscript><\/div>\n<hr  style=\"margin:40px 0\"class=\" rule-thin osc-rule\" \/>\n<p><strong>Ian Shih<\/strong> presented seminars about new fMRI technologies at the Massachusetts Institute of Technology and the Purdue University; presented MRI-compatible brain stimulation\/recording strategies in a Neuromodulation Workshop at the National Institute of Health; and shared his experience in securing federal funding for small business at the NC State CATALYZE Entrepreneurship Workshop.<\/p>\n<hr  style=\"margin:40px 0\"class=\" rule-thin osc-rule\" \/>\n<p><strong>David Y. Hwang, MD, FAAN, FCCM, FNCS<\/strong><\/p>\n<p>Dave Hwang, MD, recently presented \u201cSupporting surrogate decision makers in neuroscience ICUs\u201d at UNC\u2019s Comprehensive Cancer Support Program \/ Palliative Care Grand Rounds.<\/p>\n<p>Dave Hwang, MD, was an invited panelist at the International Stroke Conference in Dallas, TX, for an educational session program entitled, \u201cWho should we save? A multidisciplinary case-based discussion.\u201d<\/p>\n<\/div>\n\n    <\/div>\n        \n<\/div>\n<\/div>\n<div role=\"tablist\" class=\"panel-group yourcustomclass oscitas-bootstrap-container\" id=\"unc-accordion-3\">\n\n<div class=\"panel panel-default oscitas-bootstrap-container\">\n\n    <div id=\"panel-heading-details-3-0\" class=\"panel-heading oscitas-bootstrap-container\" role=\"tab\">\n\n        <h2 class=\"panel-title oscitas-bootstrap-container\">\n\n            <button class=\"accordion-toggle oscitas-bootstrap-container collapsed\" \n                id = \"button-details-3-0\"\n                data-toggle=\"collapse\"\n                data-parent=\"#unc-accordion-3\"    \n                aria-controls=\"#details-3-0\"  \n                aria-expanded=\"false\" \n                href=\"#details-3-0\">\n                April            <\/button>\n\n        <\/h2>\n\n    <\/div>\n\n    <div id=\"details-3-0\" class=\"panel-collapse collapse  oscitas-bootstrap-container\">\n\n        <div class=\"panel-body oscitas-bootstrap-container\">\n<p><strong>The 75th AAN Annual Meeting &#8211; April 22-27 &#8211; Boston &amp; Virtual:<\/strong><\/p>\n<ul>\n<li><strong>Ana C.G. Felix, MBBCh, FAAN<\/strong>, Vice Chair of the AAN AB Baker Section on Neurology Education, and SOM senior student Faris Almubaslat were invited to present the at the 75th Academy of Neurology Meeting in Boston in April 2023. AAN A.B. Baker Section Spotlight on Engaging Early Learners Through SIGN.<\/li>\n<li><strong>Chhitij Tiwari<\/strong> (SOM Senior student; Research Advisor: <strong>Clio A. Rubinos, MD<\/strong>; Academic Advisor: <strong>Ana C.G. Felix, MBBCh, FAAN<\/strong>\n<ul>\n<li>Poster Presentation: <a href=\"https:\/\/www.aan.com\/MSA\/Public\/Events\/AbstractDetails\/53971\">Treatment of Refractory Vasospasm after Aneurysmal Subarachnoid Hemorrhage: What else could we do for our patients? A Case Report and Systemic Literature Review.<\/a><\/li>\n<li>Authors: Chhitij Tiwari, Clio A. Rubinos, MD, James Pham Ho, MD, Rizk Alghorazi, Jamie Conklin, Matthew Mauck, MD,PhD, Kassie Lyn McCullagh, MD<\/li>\n<\/ul>\n<\/li>\n<li><strong>Nathaniel Wooten, MD<\/strong>\n<ul>\n<li>\u00a0Poster Presentation: <a href=\"https:\/\/www.aan.com\/MSA\/Public\/Events\/AbstractDetails\/54488\">A Rare Case of Bilateral Optic Perineuritis, Scleritis and Uveitis in a Pediatric Patient Following Influenza Vaccination<\/a>.<\/li>\n<li>Authors: Nathaniel Gray Wooten, MD, Irena Dujmovic Basuroski, MD, PhD, Bushra Javed, MD, Jordan Broman-Fulks, MD, Aliese Sarkissian, MD, and Maja Kostic, MD.<\/li>\n<\/ul>\n<\/li>\n<li><strong>Faris Almubaslat, MPH<\/strong> (SOM Senior Student)\n<ul>\n<li>Poster Presentation: <a href=\"https:\/\/www.aan.com\/MSA\/Public\/Events\/AbstractDetails\/54404\">The prevalence and etiologies of transverse myelitis in Latin America.<\/a><\/li>\n<li>Authors: Faris Almubaslat, MPH, Monica M. Diaz, MD, Matthew Underwood, Carrie Baldwin-SoRelle, Rebecca Carlson, Rocio Aponte Castro, Stacy Torian, and Justina Luz Salvatierra, Jr.<\/li>\n<\/ul>\n<\/li>\n<li><strong>Cesarina S. Thohan, MD and Fazila Aseem, MD, MPH\u00a0<\/strong>\n<ul>\n<li>Poster Presentation: <a href=\"https:\/\/www.aan.com\/MSA\/Public\/Events\/AbstractDetails\/54700\">Cerebral White Matter Injury in a Neonate with COVID-19 Infection.<\/a><\/li>\n<li>Authors: Cesarina S. Thohan, MD, Casey Olm-Shipman, MD, Fazila Aseem, MPH, Melissa Martinez Johnson, MD, Yueh Lee, Zachary Willis, MD, and Afsaneh Pirzadeh, MD.<\/li>\n<\/ul>\n<\/li>\n<li><strong>Nikash Shankar<\/strong> (incoming intern class of 2027)\n<ul>\n<li>Poster Presentation: <a href=\"https:\/\/www.aan.com\/MSA\/Public\/Events\/AbstractDetails\/53986\">Differences in Stroke Outcomes and experiences between White and Minority Patients and Providers.<\/a><\/li>\n<li>Authors: Nikash Shankar, Mary Carter Denny, MD, and Mykaiya Sumling.<\/li>\n<\/ul>\n<\/li>\n<li><strong>Laura De Lima Xavier, MD<\/strong>\n<ul>\n<li>Poster Presentation: <a href=\"https:\/\/www.aan.com\/MSA\/Public\/Events\/AbstractDetails\/55208\">Self versus Machine: Clinical and ethical implications of the effects of deep brain stimulation on cognition.<\/a><\/li>\n<li>Author: Laura De Lima Xavier, MD<\/li>\n<\/ul>\n<\/li>\n<li><strong>Bushra Javed, MD<\/strong>\n<ul>\n<li>Poster Presentation: <a href=\"https:\/\/www.aan.com\/MSA\/Public\/Events\/AbstractDetails\/54033\">Amyloid beta-related angiitis in a patient with light chain systemic Amyloidosis: A rare co-morbidity.<\/a><\/li>\n<\/ul>\n<\/li>\n<li><strong>Nikoloz Karazanashvili, MD and Fazila Aseem, MD, MPH<\/strong>\n<ul>\n<li>Poster Presentation: <a href=\"https:\/\/www.aan.com\/MSA\/Public\/Events\/AbstractDetails\/54224\">Resting State fMRI for Neuroprognostication in Traumatic Brain Injury: Clinical Experience of Evaluation for Covert Consciousness and Epileptogenic Networks in Acute Coma.<\/a><\/li>\n<li>Authors: Nikoloz Karazanashvili, MD, Varina Boerwinkle, MD, Tamara Strohm, MD, Fazila Aseem, MPH, Julia Carlson, MD, Olivia Gilbert, MD, and Kirsten Gillette.<\/li>\n<\/ul>\n<\/li>\n<li><strong>Joshua Nardin, DO<\/strong> &#8211;\n<ul>\n<li>Poster Presentation: <a href=\"https:\/\/www.aan.com\/MSA\/Public\/Events\/AbstractDetails\/54357\">Description of a Rare Compound Heterozygous Transthyretin Mutation Val30Met\/Val122Ile Conferring Early Onset Hereditary Amyloidosis with Severe Features.<\/a><\/li>\n<li>Authors: Joshua Nardin, DO, and Rebecca Traub, MD<\/li>\n<\/ul>\n<\/li>\n<li><strong>Rizk Alghorazi<\/strong>\n<ul>\n<li>Poster Presentation: <a href=\"https:\/\/www.aan.com\/MSA\/Public\/Events\/AbstractDetails\/54262\">EEG Characteristics of Mortality in Patients with Altered Mental Status and Seizures: A Matched Case-Control Study.<\/a><\/li>\n<li>Authors: Rizk Alghorazi, Angela Wabulya, MB ChB, Clio A. Rubinos, MD, Zhu Hongtu, Carolyn Tsai, MD<\/li>\n<\/ul>\n<\/li>\n<\/ul>\n<p style=\"text-align: center;\"><div class=\"soliloquy-outer-container soliloquy-carousel\" data-soliloquy-loaded=\"0\"><div aria-live=\"polite\" id=\"soliloquy-container-16358\" class=\"soliloquy-container soliloquy-transition-horizontal soliloquy-slide-horizontal soliloquy-controls-active soliloquy-arrows-active  soliloquy-theme-base no-js\" style=\"max-width:960px;margin:0 auto 20px;\"><ul id=\"soliloquy-16358\" class=\"soliloquy-slider soliloquy-slides soliloquy-wrap soliloquy-clear\"><li aria-hidden=\"true\" class=\"soliloquy-item soliloquy-item-1 soliloquy-id-16359 soliloquy-image-slide\" draggable=\"false\" style=\"list-style:none;\"><img decoding=\"async\" loading=\"lazy\" id=\"soliloquy-image-16359\" class=\"soliloquy-image soliloquy-image-1\" src=\"https:\/\/www.med.unc.edu\/neurology\/wp-content\/uploads\/sites\/716\/2023\/05\/Fu3ro3xXwAAaRV5-copy-400x200_c.png\" alt=\"Fu3ro3xXwAAaRV5 copy\" \/><\/li><li aria-hidden=\"true\" class=\"soliloquy-item soliloquy-item-2 soliloquy-id-16360 soliloquy-image-slide\" draggable=\"false\" style=\"list-style:none;\"><img decoding=\"async\" loading=\"lazy\" id=\"soliloquy-image-16360\" class=\"soliloquy-image soliloquy-image-2\" src=\"https:\/\/www.med.unc.edu\/neurology\/wp-content\/uploads\/sites\/716\/2023\/05\/Fu3ro3xXwAAaRV5-copy1-400x200_c.png\" alt=\"Fu3ro3xXwAAaRV5 copy1\" \/><\/li><li aria-hidden=\"true\" class=\"soliloquy-item soliloquy-item-3 soliloquy-id-16361 soliloquy-image-slide\" draggable=\"false\" style=\"list-style:none;\"><img decoding=\"async\" loading=\"lazy\" id=\"soliloquy-image-16361\" class=\"soliloquy-image soliloquy-image-3\" src=\"https:\/\/www.med.unc.edu\/neurology\/wp-content\/uploads\/sites\/716\/2023\/05\/Fu3ro3xXwAAaRV5-400x200_c.jpeg\" alt=\"Fu3ro3xXwAAaRV5\" \/><\/li><li aria-hidden=\"true\" class=\"soliloquy-item soliloquy-item-4 soliloquy-id-16362 soliloquy-image-slide\" draggable=\"false\" style=\"list-style:none;\"><img decoding=\"async\" loading=\"lazy\" id=\"soliloquy-image-16362\" class=\"soliloquy-image soliloquy-image-4\" src=\"https:\/\/www.med.unc.edu\/neurology\/wp-content\/uploads\/sites\/716\/2023\/05\/Fu3ro3zWAAQRAWQ-copy-400x200_c.png\" alt=\"Fu3ro3zWAAQRAWQ copy\" \/><\/li><li aria-hidden=\"true\" class=\"soliloquy-item soliloquy-item-5 soliloquy-id-16363 soliloquy-image-slide\" draggable=\"false\" style=\"list-style:none;\"><img decoding=\"async\" loading=\"lazy\" id=\"soliloquy-image-16363\" class=\"soliloquy-image soliloquy-image-5\" src=\"https:\/\/www.med.unc.edu\/neurology\/wp-content\/uploads\/sites\/716\/2023\/05\/Fu3ro3zWAAQRAWQ-400x200_c.jpeg\" alt=\"Fu3ro3zWAAQRAWQ\" \/><\/li><li aria-hidden=\"true\" class=\"soliloquy-item soliloquy-item-6 soliloquy-id-16364 soliloquy-image-slide\" draggable=\"false\" style=\"list-style:none;\"><img decoding=\"async\" loading=\"lazy\" id=\"soliloquy-image-16364\" class=\"soliloquy-image soliloquy-image-6\" src=\"https:\/\/www.med.unc.edu\/neurology\/wp-content\/uploads\/sites\/716\/2023\/05\/FujvZz5WAAcWE5W-1-400x200_c.jpeg\" alt=\"FujvZz5WAAcWE5W (1)\" \/><\/li><li aria-hidden=\"true\" class=\"soliloquy-item soliloquy-item-7 soliloquy-id-16365 soliloquy-image-slide\" draggable=\"false\" style=\"list-style:none;\"><img decoding=\"async\" loading=\"lazy\" id=\"soliloquy-image-16365\" class=\"soliloquy-image soliloquy-image-7\" src=\"https:\/\/www.med.unc.edu\/neurology\/wp-content\/uploads\/sites\/716\/2023\/05\/FujvZz5XsAAEBT9-1-400x200_c.jpeg\" alt=\"FujvZz5XsAAEBT9 (1)\" \/><\/li><li aria-hidden=\"true\" class=\"soliloquy-item soliloquy-item-8 soliloquy-id-16366 soliloquy-image-slide\" draggable=\"false\" style=\"list-style:none;\"><img decoding=\"async\" loading=\"lazy\" id=\"soliloquy-image-16366\" class=\"soliloquy-image soliloquy-image-8\" src=\"https:\/\/www.med.unc.edu\/neurology\/wp-content\/uploads\/sites\/716\/2023\/05\/Fuz4GfZWAAEquUt-400x200_c.jpeg\" alt=\"Fuz4GfZWAAEquUt\" \/><\/li><li aria-hidden=\"true\" class=\"soliloquy-item soliloquy-item-9 soliloquy-id-16367 soliloquy-image-slide\" draggable=\"false\" style=\"list-style:none;\"><img decoding=\"async\" loading=\"lazy\" id=\"soliloquy-image-16367\" class=\"soliloquy-image soliloquy-image-9\" src=\"https:\/\/www.med.unc.edu\/neurology\/wp-content\/uploads\/sites\/716\/2023\/05\/58989053-9066-470C-8753-AE71E4787663-copy-400x200_c.png\" alt=\"58989053-9066-470C-8753-AE71E4787663 copy\" \/><\/li><li aria-hidden=\"true\" class=\"soliloquy-item soliloquy-item-10 soliloquy-id-16468 soliloquy-image-slide\" draggable=\"false\" style=\"list-style:none;\"><img decoding=\"async\" loading=\"lazy\" id=\"soliloquy-image-16468\" class=\"soliloquy-image soliloquy-image-10\" src=\"https:\/\/www.med.unc.edu\/neurology\/wp-content\/uploads\/sites\/716\/2023\/05\/image1-400x200_c.jpeg\" alt=\"image1\" \/><\/li><li aria-hidden=\"true\" class=\"soliloquy-item soliloquy-item-11 soliloquy-id-16370 soliloquy-image-slide\" draggable=\"false\" style=\"list-style:none;\"><img decoding=\"async\" loading=\"lazy\" id=\"soliloquy-image-16370\" class=\"soliloquy-image soliloquy-image-11\" src=\"https:\/\/www.med.unc.edu\/neurology\/wp-content\/uploads\/sites\/716\/2023\/05\/Fu0Nhf1XsBUr5yz-400x200_c.jpeg\" alt=\"Fu0Nhf1XsBUr5yz\" \/><\/li><li aria-hidden=\"true\" class=\"soliloquy-item soliloquy-item-12 soliloquy-id-16371 soliloquy-image-slide\" draggable=\"false\" style=\"list-style:none;\"><img decoding=\"async\" loading=\"lazy\" id=\"soliloquy-image-16371\" class=\"soliloquy-image soliloquy-image-12\" src=\"https:\/\/www.med.unc.edu\/neurology\/wp-content\/uploads\/sites\/716\/2023\/05\/Fu0Nhf5WcAAIdtV-400x200_c.jpeg\" alt=\"Fu0Nhf5WcAAIdtV\" \/><\/li><li aria-hidden=\"true\" class=\"soliloquy-item soliloquy-item-13 soliloquy-id-16372 soliloquy-image-slide\" draggable=\"false\" style=\"list-style:none;\"><img decoding=\"async\" loading=\"lazy\" id=\"soliloquy-image-16372\" class=\"soliloquy-image soliloquy-image-13\" src=\"https:\/\/www.med.unc.edu\/neurology\/wp-content\/uploads\/sites\/716\/2023\/05\/FuxQPnQWYAEbSVI-400x200_c.jpeg\" alt=\"FuxQPnQWYAEbSVI\" \/><\/li><\/ul><\/div><noscript><div class=\"soliloquy-no-js\" style=\"display:none;visibility:hidden;height:0;line-height:0;opacity:0;\"><img decoding=\"async\" class=\"soliloquy-image soliloquy-no-js-image skip-lazy\" loading=\"lazy\" src=\"https:\/\/www.med.unc.edu\/neurology\/wp-content\/uploads\/sites\/716\/2023\/05\/Fu3ro3xXwAAaRV5-copy.png\" alt=\"Fu3ro3xXwAAaRV5 copy\" \/><img decoding=\"async\" class=\"soliloquy-image soliloquy-no-js-image skip-lazy\" loading=\"lazy\" src=\"https:\/\/www.med.unc.edu\/neurology\/wp-content\/uploads\/sites\/716\/2023\/05\/Fu3ro3xXwAAaRV5-copy1.png\" alt=\"Fu3ro3xXwAAaRV5 copy1\" \/><img decoding=\"async\" class=\"soliloquy-image soliloquy-no-js-image skip-lazy\" loading=\"lazy\" src=\"https:\/\/www.med.unc.edu\/neurology\/wp-content\/uploads\/sites\/716\/2023\/05\/Fu3ro3xXwAAaRV5.jpeg\" alt=\"Fu3ro3xXwAAaRV5\" \/><img decoding=\"async\" class=\"soliloquy-image soliloquy-no-js-image skip-lazy\" loading=\"lazy\" src=\"https:\/\/www.med.unc.edu\/neurology\/wp-content\/uploads\/sites\/716\/2023\/05\/Fu3ro3zWAAQRAWQ-copy.png\" alt=\"Fu3ro3zWAAQRAWQ copy\" \/><img decoding=\"async\" class=\"soliloquy-image soliloquy-no-js-image skip-lazy\" loading=\"lazy\" src=\"https:\/\/www.med.unc.edu\/neurology\/wp-content\/uploads\/sites\/716\/2023\/05\/Fu3ro3zWAAQRAWQ.jpeg\" alt=\"Fu3ro3zWAAQRAWQ\" \/><img decoding=\"async\" class=\"soliloquy-image soliloquy-no-js-image skip-lazy\" loading=\"lazy\" src=\"https:\/\/www.med.unc.edu\/neurology\/wp-content\/uploads\/sites\/716\/2023\/05\/FujvZz5WAAcWE5W-1.jpeg\" alt=\"FujvZz5WAAcWE5W (1)\" \/><img decoding=\"async\" class=\"soliloquy-image soliloquy-no-js-image skip-lazy\" loading=\"lazy\" src=\"https:\/\/www.med.unc.edu\/neurology\/wp-content\/uploads\/sites\/716\/2023\/05\/FujvZz5XsAAEBT9-1.jpeg\" alt=\"FujvZz5XsAAEBT9 (1)\" \/><img decoding=\"async\" class=\"soliloquy-image soliloquy-no-js-image skip-lazy\" loading=\"lazy\" src=\"https:\/\/www.med.unc.edu\/neurology\/wp-content\/uploads\/sites\/716\/2023\/05\/Fuz4GfZWAAEquUt.jpeg\" alt=\"Fuz4GfZWAAEquUt\" \/><img decoding=\"async\" class=\"soliloquy-image soliloquy-no-js-image skip-lazy\" loading=\"lazy\" src=\"https:\/\/www.med.unc.edu\/neurology\/wp-content\/uploads\/sites\/716\/2023\/05\/58989053-9066-470C-8753-AE71E4787663-copy.png\" alt=\"58989053-9066-470C-8753-AE71E4787663 copy\" \/><img decoding=\"async\" class=\"soliloquy-image soliloquy-no-js-image skip-lazy\" loading=\"lazy\" src=\"https:\/\/www.med.unc.edu\/neurology\/wp-content\/uploads\/sites\/716\/2023\/05\/image1.jpeg\" alt=\"image1\" \/><img decoding=\"async\" class=\"soliloquy-image soliloquy-no-js-image skip-lazy\" loading=\"lazy\" src=\"https:\/\/www.med.unc.edu\/neurology\/wp-content\/uploads\/sites\/716\/2023\/05\/Fu0Nhf1XsBUr5yz.jpeg\" alt=\"Fu0Nhf1XsBUr5yz\" \/><img decoding=\"async\" class=\"soliloquy-image soliloquy-no-js-image skip-lazy\" loading=\"lazy\" src=\"https:\/\/www.med.unc.edu\/neurology\/wp-content\/uploads\/sites\/716\/2023\/05\/Fu0Nhf5WcAAIdtV.jpeg\" alt=\"Fu0Nhf5WcAAIdtV\" \/><img decoding=\"async\" class=\"soliloquy-image soliloquy-no-js-image skip-lazy\" loading=\"lazy\" src=\"https:\/\/www.med.unc.edu\/neurology\/wp-content\/uploads\/sites\/716\/2023\/05\/FuxQPnQWYAEbSVI.jpeg\" alt=\"FuxQPnQWYAEbSVI\" \/><\/div><\/noscript><\/div>\n<hr  style=\"margin:40px 0\"class=\" rule-thin osc-rule\" \/>\n<p><strong>James F. Howard, Jr., M.D., FAAN<\/strong><\/p>\n<p class=\"x_MsoNormal\"><b>Howard JF Jr<\/b>, Rational Approaches to the Treatment of Myasthenia Gravis, at the 8<sup>th<\/sup>\u00a0University of South Alabama Annual Neuroscience Symposium, Pensacola Beach FL, April 14-16, 2023.<\/p>\n<p class=\"x_MsoNormal\">Pasnoor M, Bril V, Karam C, Peric S, De Bleecker J, Murai H, Meisel A, Beydoun S, Vu T, Ulrichts P, Van Hoorick Be, T&#8217;joen C, Utsugisawa K, Verschuuren J, Mantegazza R,\u00a0<b>Howard JF Jr<\/b>, in collaboration with the ADAPT Investigator study group (<b>Chopra M<\/b>):\u00a0 Long-Term Safety, Tolerability, And Efficacy of Efgartigimod in Patients with Generalized Myasthenia Gravis: Concluding Analyses from the ADAPT+ Study.\u00a0\u00a0<a name=\"x__Hlk128775975\" data-safelink=\"true\"><\/a>Paper read at the 75th Annual Meeting of the American Academy of Neurology, Boston, MA, 23 April 2023.<\/p>\n<p class=\"x_MsoNormal\">Muppidi S, Narayanaswami P, Meisel A, Vu T, Utsugisawa K, Mantegazza R, Beasley Ka, Liao S,\u00a0<b>Howard JF Jr<\/b>:\u00a0 Achievement of Improved Post-Intervention Status in Patients with Generalized Myasthenia Gravis Treated with Ravulizumab during the CHAMPION MG Study.\u00a0 Paper read at the 75th Annual Meeting of the American Academy of Neurology, Boston, MA, 23 April 2023.<\/p>\n<p class=\"x_MsoNormal\">Brandsema JF, Ginsberg M, Hoshino H, Mimaki M, Nagata S, Rao V, Ruzhansky K, Suresh N, Tiongson E, Yamanouchi H, Frick G, Hicks E, Liao S,\u00a0<b>Howard JF Jr<\/b>:\u00a0 A Phase 3, Open-Label, Multicenter Study To Evaluate Eculizumab In Adolescents With Refractory Generalized Myasthenia Gravis. Paper read at the 75th Annual Meeting of the American Academy of Neurology, Boston, MA, 23 April 2023.<\/p>\n<p class=\"x_MsoNormal\">Gwathmey K, Broome Catherine, Goebeler M, Murai H, Bata-Cs\u00f6rgo Zs, Newland A, Ulrichts P, Kerstens R, Guptill JT, Agha S, Jiang M,\u00a0<b>Howard JF Jr<\/b>:\u00a0 Overview of the Safety Profile from Efgartigimod Clinical Trials in Participants with Diverse IgG-Mediated Autoimmune Diseases.\u00a0<a name=\"x__Hlk128775795\" data-safelink=\"true\"><\/a>Poster presented at the 75th Annual Meeting of the American Academy of Neurology, Boston, MA, 23 April 2023.<\/p>\n<p class=\"x_MsoNormal\">Habib A, Benatar M, Vu T, Meisel A, Attarian S, Katsuno M, Liao S, Beasley K,\u00a0<b>Howard JF Jr<\/b>:\u00a0 Ravulizumab for the Treatment of Generalized Myasthenia Gravis: Timing of Response.\u00a0 Poster presented at the 75th Annual Meeting of the American Academy of Neurology, Boston, MA, 23 April 2023.<\/p>\n<p class=\"x_MsoNormal\"><b>Howard JF Jr<\/b>, Rakhade S, Scholz J, Ortiz S, Shang S, Vu T: Study design and methodology of the PREVAIL trial: a phase 3, randomized, double-blind, placebo-controlled study of the safety and efficacy of subcutaneous ALXN1720 in adults with generalized myasthenia gravis. Poster presented at the 75<sup>th<\/sup>\u00a0Annual Meeting of the American Academy of Neurology, Boston, MA, 23 April 2023.<\/p>\n<p class=\"x_MsoNormal\"><b>Howard JF Jr<\/b>, Li G, Vu T, Margania T, Korobko D, Smilowski M, Banaszkiewicz K, Liu L, Steeland S, Noukens J, Van Hoorick B, Podhorna J, Li Y, Utsugisawa K, Sacca F, Wiendl H, De Bleecker JL, Mantegazza R, in collaboration with the ADAPT-SC Investigator Study Group (<b>Chopra M<\/b>): Long-Term Safety, Tolerability, and Efficacy of Subcutaneous Efgartigimod PH20 in Patients with Generalized Myasthenia Gravis: Interim Results of the ADAPT-SC+ Study.\u00a0 Poster presented at the 75th Annual Meeting of the American Academy of Neurology, Boston, MA, 23 April 2023.<\/p>\n<p class=\"x_MsoNormal\">Bril V, Vu T, Brauer E, Kerstens R,\u00a0<b>Howard JF Jr<\/b>, in collaboration with the with the ADAPT Investigator Study Group (<b>Chopra M<\/b>):\u00a0 Efgartigimod Demonstrates Consistent Improvements in Generalized Myasthenia Gravis Patients of Shorter Disease Duration.\u00a0 Poster presented at the 75th Annual Meeting of the American Academy of Neurology, Boston, MA, 23 April 2023.<\/p>\n<p class=\"x_MsoNormal\">Li G, Li Y, Vu T, Korobko D, Smilowski M, Liu L, Steeland S, Van Hoorick B, Podhorna J, Casey J, Noukens J, Van Bragt T, Utsugisawa K, Wiendl H, De Bleecker J, Mantegazza R,\u00a0<b>Howard JF Jr\u00a0<\/b>and the ADAPT-SC Investigator Study Group (<b>Chopra M<\/b>): Dose Selection and Clinical Development of Efgartigimod PH20 Subcutaneous in Patients with Generalized Myasthenia Gravis.\u00a0 Poster presented at the 75th Annual Meeting of the American Academy of Neurology, Boston, MA, 23 April 2023.<\/p>\n<p class=\"x_MsoNormal\">Green E, Cutter G, Muppidi S, Juel V, Rodriques E, Korideck H,\u00a0<b>Howard JF Jr<\/b>: Myasthenia Gravis Activities of Daily Living (MG-ADL) Response to Eculizumab Treatment in Patients from the Generalized Myasthenia Gravis Registry. Poster resented at the 75th Annual Meeting of the American Academy of Neurology, Boston, MA, 23 April 2023.<\/p>\n<p class=\"x_MsoNormal\">Freimer M, Leite I, Genge A, Hussain Y, Kaminski HJ, Mantegazza R, Utsugisawa K, Vu T, Duda PW, Boroojerdi B, Vanderkelen M, Lowcock R,\u00a0<b>Howard JF Jr<\/b>: RAISE-XT: An interim analysis of safety and efficacy in an open-label extension study of zilucoplan in patients with myasthenia gravis. Poster presented at the 75<sup>th<\/sup>\u00a0Annual Meeting of the American Academy of Neurology, Boston, MA, 23 April 2023.<\/p>\n<p class=\"x_MsoNormal\">Weiss MD, Bresch S, Freimer M, Hewamadduma C, Juntas-Morales R, M. Leite I, Maniaol A, Masuda M, Sivakumar K, Zajda M, Boroojerdi B, Duda PW, de la Borderie G,\u00a0<b>Howard JF Jr<\/b>: Subgroup outcomes from RAISE: A randomized, Phase 3 trial of zilucoplan in generalized myasthenia gravis. Poster presented at the 75<sup>th<\/sup>\u00a0Annual Meeting of the American Academy of Neurology, Boston, MA, 23 April 2023.<\/p>\n<p>&nbsp;<\/p>\n<\/div>\n\n    <\/div>\n        \n<\/div>\n<\/div>\n<div role=\"tablist\" class=\"panel-group yourcustomclass oscitas-bootstrap-container\" id=\"unc-accordion-4\">\n\n<div class=\"panel panel-default oscitas-bootstrap-container\">\n\n    <div id=\"panel-heading-details-4-0\" class=\"panel-heading oscitas-bootstrap-container\" role=\"tab\">\n\n        <h2 class=\"panel-title oscitas-bootstrap-container\">\n\n            <button class=\"accordion-toggle oscitas-bootstrap-container collapsed\" \n                id = \"button-details-4-0\"\n                data-toggle=\"collapse\"\n                data-parent=\"#unc-accordion-4\"    \n                aria-controls=\"#details-4-0\"  \n                aria-expanded=\"false\" \n                href=\"#details-4-0\">\n                May            <\/button>\n\n        <\/h2>\n\n    <\/div>\n\n    <div id=\"details-4-0\" class=\"panel-collapse collapse  oscitas-bootstrap-container\">\n\n        <div class=\"panel-body oscitas-bootstrap-container\">\n<p><strong>James F. Howard, Jr., M.D., FAAN<\/strong><\/p>\n<p class=\"x_MsoNormal\"><b>Howard JF Jr<\/b>, \u00a0The Role of Single Fiber EMG in the Management of Disorders of Neuromuscular Transmission &amp; Its Utility in Other Diseases.\u00a0 at the 15<sup>th<\/sup>\u00a0Annual Neuroscience Conference (ANC), Bibliotheca Alexandrina, Alexandria Egypt, May 3, 2023.<\/p>\n<p class=\"x_MsoNormal\"><b>Howard JF Jr<\/b>, \u00a0Update in the Management of Myasthenia Gravis. at the 15<sup>th<\/sup>\u00a0Annual Neuroscience Conference (ANC), \u00a0Bibliotheca Alexandrina, Alexandria Egypt, May 4, 2023.<\/p>\n<p class=\"x_MsoNormal\">Hewamadduma C, Bresch S, Juntas-Morales R, Leite MI, Maniaol A, Zajda M, Boroojerdi B, Duda PW, Guillemette de la Borderie9, de la Borderie G,\u00a0<b>Howard JF Jr<\/b>\u00a0on behalf of the RAISE-XT study team.\u00a0 Poster to be presented at the Annual Meeting of the Association of British Neurologists and the Irish Neurological Association, Belfast, Ireland, \u00a09-12 May 2023.<\/p>\n<p class=\"x_MsoNormal\">Leite MI, Genge A, Mantegazza R, Utsugisawa K, Duda PW, Boroojerdi B, Vanderkelen M, de la Borderie G,\u00a0<b>Howard JF Jr<\/b>\u00a0on behalf of the RAISE-XT study team. RAISE-XT: An interim analysis of safety and efficacy in an open-label extension study of zilucoplan in patients with myasthenia gravis. Poster to be presented at the Annual Meeting of the Association of British Neurologists and the Irish Neurological Association, Belfast, Ireland, 9-12 May 2023.<\/p>\n<hr  style=\"margin:40px 0\"class=\" rule-thin osc-rule\" \/>\n<\/div>\n\n    <\/div>\n        \n<\/div>\n<\/div>\n<div role=\"tablist\" class=\"panel-group yourcustomclass oscitas-bootstrap-container\" id=\"unc-accordion-5\">\n\n<div class=\"panel panel-default oscitas-bootstrap-container\">\n\n    <div id=\"panel-heading-details-5-0\" class=\"panel-heading oscitas-bootstrap-container\" role=\"tab\">\n\n        <h2 class=\"panel-title oscitas-bootstrap-container\">\n\n            <button class=\"accordion-toggle oscitas-bootstrap-container collapsed\" \n                id = \"button-details-5-0\"\n                data-toggle=\"collapse\"\n                data-parent=\"#unc-accordion-5\"    \n                aria-controls=\"#details-5-0\"  \n                aria-expanded=\"false\" \n                href=\"#details-5-0\">\n                June            <\/button>\n\n        <\/h2>\n\n    <\/div>\n\n    <div id=\"details-5-0\" class=\"panel-collapse collapse  oscitas-bootstrap-container\">\n\n        <div class=\"panel-body oscitas-bootstrap-container\">\n<p><strong>James F. Howard, Jr., M.D., FAAN<\/strong><\/p>\n<p>Murai H, Masuda M, Genge A, Hussain Y, Kaminski HJ, Leite MI, Mantegazza R, Utsugisawa K, Vu T, Brock M, Boroojerdi B, Vanderkelen M, de la Borderie G, Duda PW, <strong>Howard JF Jr<\/strong> on behalf of the RAISE-XT investigators: RAISE-XT (<strong>Chopra M<\/strong>): Safety and tolerability of zilucoplan in patients with myasthenia gravis. Poster presented at the 64<sup>th<\/sup> Annual Meeting of the Japanese Society of Neurology, Chiba, Tokyo, Japan, 31 May to 3 June 2023.<\/p>\n<p>Masuda M, Uzawa A, Takahashi M, Murai H, <strong>Howard JF Jr<\/strong>, Mantegazza R, Steeland S, Van Hoorick B, T\u2019joen C, Utsugisawa K: Long-term Safety and Efficacy of Efgartigimod in Japanese Patients With gMG: ADAPT+ Final Analysis. Poster presented at the 64<sup>th<\/sup> Annual Meeting of the Japanese Society of Neurology, Chiba, Tokyo, Japan, 31 May to 3 June, 2023.<\/p>\n<p>Pasnoor M, Bril V, Karam C, Peric S, De Bleecker J, Murai H, Meisel A, Beydoun S, Vu T, Ulrichts P, Van Hoorick Be, T&#8217;joen C, Utsugisawa K, Verschuuren J, Mantegazza R, <strong>Howard JF Jr<\/strong>, in collaboration with the ADAPT Investigator Study Group (<strong>Chopra M<\/strong>):\u00a0\u00a0 Long-Term Safety, Tolerability, And Efficacy of Efgartigimod in Patients with Generalized Myasthenia Gravis: Concluding Analyses from the ADAPT+ Study.\u00a0 Poster presented at the 2023 Canadian Neurological Sciences Foundation Congress (CNSF), Banff, Alberta, Canada, 6-9 June 2023.<\/p>\n<p>Siddiqi Z, <strong>Howard JF Jr<\/strong>, Bril V, Vu T, Karam C, Pasnoor M, Muppidi S, Peric S, Murai H, Ulrichts P, T\u2019joen C, Utsugisawa K, Verschuuren J, Mantegazza R, for the ADAPT Investigator Study Group (<strong>Chopra M<\/strong>):\u00a0 Minimal Symptom Expression Following Treatment With Efgartigimod in Participants With Generalized Myasthenia Gravis. Poster presented at the 2023 Canadian Neurological Sciences Foundation Congress (CNSF), Banff, Alberta, Canada, 6-9 June 2023.<\/p>\n<p>Bril V, Behin A, Gwathmey K, Broome C, Goebeler M, Murai H, Bata-Cs\u00f6rgo Z, Newland A, Ulrichts P, Kerstens R, Guptill J, Agha S, Jiang M,<strong> Howard JF Jr<\/strong>: Safety Profile From Efgartigimod Clinical Trials in Participants With Diverse IgG-Mediated Autoimmune Diseases. Poster presented at the 2023 Canadian Neurological Sciences Foundation Congress (CNSF), Banff, Alberta, Canada, 6-9 June 2023.<\/p>\n<p>Bril V, Vu T, Karam C, Peric S, De Bleecker J, Murai H, Pasnoor M, Sacc\u00e0 F, Meisel A, T\u2019joen C, Utsugisawa K, Mantegazza R,<strong> Howard JF Jr<\/strong>: Efficacy, Safety, and Tolerability of Efgartigimod in AChR-Ab\u2013 Patients With Generalized Myasthenia Gravis: Interim Analysis of ADAPT\/ADAPT+. Poster presented at the 2023 Canadian Neurological Sciences Foundation Congress (CNSF), Banff, Alberta, Canada, 6-9 June 2023.<\/p>\n<p>Pasnoor M, Bril V, Karam C, Peric S, De Bleecker J, Murai H, Meisel A, Beydoun S, Vu T, Ulrichts P, Van Hoorick Be, T&#8217;joen C, Utsugisawa K, Verschuuren J, Mantegazza R, <strong>Howard JF Jr<\/strong>, in collaboration with the ADAPT Investigator Study Group (<strong>Chopra M<\/strong>):\u00a0\u00a0 Long-Term Safety, Tolerability, And Efficacy of Efgartigimod in Patients with Generalized Myasthenia Gravis: Concluding Analyses from the ADAPT+ Study.\u00a0 Poster presented at the XXI Congres AL Societ\u0103\u0163ii de Neurologie din Rom\u00e2nia (SNR), Sinaia, Romania, June 7-9, 2023.<\/p>\n<p>Antozzi C, Freimer M, Leite MI, Genge A, Hussain Y, Mantegazza R, Utsugisawa K, Vu T, Duda PW, Boroojerdi B, Vanderkelen M, Lowcock R, <strong>Howard JF Jr<\/strong>, on behalf of the RAISE-XT study investigators (<strong>Chopra M<\/strong>):\u00a0 RAISE-XT: An interim analysis of safety and efficacy in an open-label extension study of zilucoplan in patients with myasthenia gravis. Paper read at the XXIII Congresso Nazionale Associazione Italiana di Miologia (AIM), Padova, Italy, 8-10 June 2023.<\/p>\n<p>Habib A, Benatar M, Vu T, Meisel A, Attarian S, Katsuno M, Liao S, Beasley K, <strong>Howard JF Jr<\/strong>:\u00a0 Ravulizumab for the Treatment of Generalized Myasthenia Gravis: Timing of Response.\u00a0 Poster presented by Mantegazza R at the the XXIII Congresso Nazionale Associazione Italiana di Miologia (AIM), Padova, Italy, 8-10 June 2023.<\/p>\n<p><strong>Howard JF Jr<\/strong>, Li G, Vu T, Korobko D, Smilowski M, Szczudlik A, Banaszkiewicz K, Lui L, Steeland S, Noukens J, Van Hoorick B, Podhorna J, Li Y, Utsugisawa K, Sacca F, Wiendl H, De Bleecker JL, Mantegazza R: Long-Term Safety, Tolerability, and Efficacy of Subcutaneous Efgartigimod PH20 in Patients with Generalized Myasthenia Gravis: Interim Results of the ADAPT-SC+ Study.\u00a0 Paper read at the XXIII Congresso Nazionale Associazione Italiana di Miologia (AIM), Padova, Italy, 8-10 June 2023, Padova, Italy, 8-10 June 2023.<\/p>\n<p>Mantegazza RE, Habib AA, Benatar M, Vu T, Meisel A, Attarian S, Katsuno M, Liao S, Beasley KN, <strong>Howard JF Jr<\/strong>: Ravulizumab for the treatment of generalized myasthenia gravis: timing of response. Poster presented at the XXIII Congresso Nazionale Associazione Italiana di Miologia (AIM), Padova, Italy, 8-10 June 2023, Padova, Italy, 8-10 June 2023.<\/p>\n<p>Suhl J, Conway K, Rasmussen SA, <strong>Howard JF Jr<\/strong>, Andrews J, Thomas S, Johnson N, Alese JT, Romitti P, Mathews K, and the MD STARnet: Pain Medication for Individuals with Facioscapulohumeral Muscular Dystrophy in the Muscular Dystrophy Surveillance, Tracking, and Research Network (MD STARnet).\u00a0 Poster presented at the 30<sup>th<\/sup> Annual FSHD Society International Research Conference, Milan, Italy, 15-16 June 2023.<\/p>\n<p>Pasnoor M, Bril V, Karam C, Peric S, De Bleecker J, Murai H, Meisel A, Beydoun S, Vu T, Rocca F, Ulrichts P, Van Hoorick B, T&#8217;joen C, Utsugisawa K, Verschuuren J, Mantegazza R, <strong>Howard JF Jr <\/strong>and the ADAPT Investigator Study Group (<strong>Chopra M<\/strong>):\u00a0\u00a0 Long-Term Safety, Tolerability, And Efficacy of Efgartigimod in Patients with Generalized Myasthenia Gravis: Concluding Analyses from the ADAPT+ Study.\u00a0 Paper read at the 34<sup>th<\/sup> Hellenic Congress of Neurology, Athens, Greece, 15-18 June 2023.<\/p>\n<p>Gwathmey K, Broome Catherine, Goebeler M, Murai H, Bata-Cs\u00f6rgo Zs, Newland A, Rocca F, Ulrichts P, Kerstens R, Guptill JT, Agha S, Jiang M, <strong>Howard JF Jr<\/strong>:\u00a0 Overview of the Safety Profile from Efgartigimod Clinical Trials in Participants with Diverse IgG-Mediated Autoimmune Diseases. Paper read at the 34<sup>th<\/sup> Hellenic Congress of Neurology, Athens, Greece, 15-18 June 2023.<\/p>\n<p>Sholzberg M, Gwathmey K, Broome CM, Goebeler M, Murai H, Bata-Cs\u00f6rgo Z, Newland A, Ulrichts P, Kerstens R, Guptill JT, Agha S, Jiang M, <strong>Howard JF Jr<\/strong>: Safety Profile of Efgartigimod from Clinical Trials in Participants with Immunoglobulin G-Mediated Autoimmune Diseases. Poster presented at the 31<sup>st<\/sup> Congress of the International Society on Thrombosis and Haemostasis (ISTH), Montreal, Canada, 24-28 June 2023.<\/p>\n<hr  style=\"margin:40px 0\"class=\" rule-thin osc-rule\" \/>\n<\/div>\n\n    <\/div>\n        \n<\/div>\n<\/div>\n<div role=\"tablist\" class=\"panel-group yourcustomclass oscitas-bootstrap-container\" id=\"unc-accordion-6\">\n\n<div class=\"panel panel-default oscitas-bootstrap-container\">\n\n    <div id=\"panel-heading-details-6-0\" class=\"panel-heading oscitas-bootstrap-container\" role=\"tab\">\n\n        <h2 class=\"panel-title oscitas-bootstrap-container\">\n\n            <button class=\"accordion-toggle oscitas-bootstrap-container collapsed\" \n                id = \"button-details-6-0\"\n                data-toggle=\"collapse\"\n                data-parent=\"#unc-accordion-6\"    \n                aria-controls=\"#details-6-0\"  \n                aria-expanded=\"false\" \n                href=\"#details-6-0\">\n                July            <\/button>\n\n        <\/h2>\n\n    <\/div>\n\n    <div id=\"details-6-0\" class=\"panel-collapse collapse  oscitas-bootstrap-container\">\n\n        <div class=\"panel-body oscitas-bootstrap-container\">\n<p><strong>James F. Howard, Jr., M.D., FAAN<\/strong><\/p>\n<p>Mantegazza R, Bresch S, Freimer M, Genge A, Hewamadduma C, Leite MI, Maniaol A, Schmidt J, Utsugisawa K, Vu T, Boroojerdi B, Lejdstrom RB, Duda PW, Grimson F, Savic N, <strong>Howard JF Jr<\/strong> and the RAISE study team (<strong>Chopra M<\/strong>):\u00a0 Response to Zilucoplan in the Phase 3 Randomised RAISE Study in Patients with Generalised Myasthenia Gravis. ePresentation read at the 9th European Academy of Neurology Congress, Budapest, Hungary, 1-4 July 2023.<\/p>\n<p>Leite MI, Bresch S, Freimer M, Genge A, Hewamadduma C, Hussain Y, Maniaol A, Mantegazza R, Smilowski M, Utsugisawa K, Vu T, Duda PW, Boroojerdi B, Vanderkelen M, de la Borderie G, Bloemers J, <strong>Howard JF Jr<\/strong> on behalf of the RAISE-XT study team (<strong>Chopra M<\/strong>): Long-term safety, efficacy, self-injection satisfaction with zilucoplan in myasthenia gravis: An Interim analysis of RAISE-XT.\u00a0 ePoster presented at the 9th European Academy of Neurology Congress, Budapest, Hungary, 1-4 July 2023.<\/p>\n<p>R\u00f3zsa C, Sacca F, De Bleecker JL, Verschuuren J, Hoffman S, Vu T, Bril V, Murai H, Brauer E, Kerstens R, Steeland S, Ulrichts P, Goyal N, Vissing J, Mantegazza R, <strong>Howard JF Jr<\/strong> and the ADAPT Investigator Study Group (<strong>Chopra M<\/strong>): Efgartigimod Demonstrates Consistent Improvements in Patients With gMG Regardless of Prior Treatment Failures. ePoster (#EPO-388) presented at the 9th European Academy of Neurology Congress, Budapest, Hungary, 1-4 July 2023.<\/p>\n<p>Meisel A, De Bleecker JL, Verschuuren J, Bril V, Vu T, Karam C, Peric S, Murai H, Beydoun S, Pasnoor M, Steeland S, Van Hoorick B, T\u2019joen C, Utsugisawa K, Mantegazza R, <strong>Howard JF Jr<\/strong> and the ADAPT Investigator Study Group (<strong>Chopra M<\/strong>): Long-term Safety, Tolerability and Efficacy of Efgartigimod in Patients with GMG: Final Analysis from the ADAPT+ Study. ePresentation given at the 9th European Academy of Neurology Congress, Budapest, Hungary, 1-4 July 2023.<\/p>\n<p>Hoffmann S, Meisel A, Attarian S, De Bleecker JL, Vissing J, Kerstens R, Brauer E, Utsugisawa K, Goyal N, Li Y, Peric S, <strong>Howard JF Jr<\/strong>, Sacc\u00e0 F, and the ADAPT Investigator Study Group (<strong>Chopra M<\/strong>): Efgartigimod Demonstrates Consistent Magnitude of Response Across Subgroups of Patients With GMG.\u00a0 ePoster (#EPO-054) presented at the 9th European Academy of Neurology Congress, Budapest, Hungary, 1-4 July 2023.<\/p>\n<p>Benin A, Gwathmey K, Broome Catherine, Goebeler M, Murai H, Bata-Cs\u00f6rgo Zs, Newland A, Ulrichts P, Kerstens R, Guptill JT, Agha S, Jiang M<strong>, Howard JF Jr<\/strong>:\u00a0 Safety Profile of Efgartigimod Clinical Trials in Participants with Diverse IgG-Mediated Autoimmune Diseases. Paper to be read at the 9th European Academy of Neurology Congress, Budapest, Hungary, 1-4 July 2023.<\/p>\n<p>Vissing J, Mozaffar T, Mantegazza R, Attarian S. Yoshimura S. Beasley KN, Liao S. Pandya S, <strong>Howard JF Jr<\/strong>:\u00a0 Ravulizumab in adults with generalised myasthenia gravis:\u00a0 Post hoc analysis of MG-ADL item score change in CHAMPION MG. Paper read at the 9th European Academy of Neurology Congress, Budapest, Hungary, 1-4 July 2023.<\/p>\n<hr  style=\"margin:40px 0\"class=\" rule-thin osc-rule\" \/>\n<\/div>\n\n    <\/div>\n        \n<\/div>\n<\/div>\n<div role=\"tablist\" class=\"panel-group yourcustomclass oscitas-bootstrap-container\" id=\"unc-accordion-7\">\n\n<div class=\"panel panel-default oscitas-bootstrap-container\">\n\n    <div id=\"panel-heading-details-7-0\" class=\"panel-heading oscitas-bootstrap-container\" role=\"tab\">\n\n        <h2 class=\"panel-title oscitas-bootstrap-container\">\n\n            <button class=\"accordion-toggle oscitas-bootstrap-container collapsed\" \n                id = \"button-details-7-0\"\n                data-toggle=\"collapse\"\n                data-parent=\"#unc-accordion-7\"    \n                aria-controls=\"#details-7-0\"  \n                aria-expanded=\"false\" \n                href=\"#details-7-0\">\n                August            <\/button>\n\n        <\/h2>\n\n    <\/div>\n\n    <div id=\"details-7-0\" class=\"panel-collapse collapse  oscitas-bootstrap-container\">\n\n        <div class=\"panel-body oscitas-bootstrap-container\">\n<p>&nbsp;<\/p>\n<hr  style=\"margin:40px 0\"class=\" rule-thin osc-rule\" \/>\n<\/div>\n\n    <\/div>\n        \n<\/div>\n<\/div>\n<div role=\"tablist\" class=\"panel-group yourcustomclass oscitas-bootstrap-container\" id=\"unc-accordion-8\">\n\n<div class=\"panel panel-default oscitas-bootstrap-container\">\n\n    <div id=\"panel-heading-details-8-0\" class=\"panel-heading oscitas-bootstrap-container\" role=\"tab\">\n\n        <h2 class=\"panel-title oscitas-bootstrap-container\">\n\n            <button class=\"accordion-toggle oscitas-bootstrap-container collapsed\" \n                id = \"button-details-8-0\"\n                data-toggle=\"collapse\"\n                data-parent=\"#unc-accordion-8\"    \n                aria-controls=\"#details-8-0\"  \n                aria-expanded=\"false\" \n                href=\"#details-8-0\">\n                September            <\/button>\n\n        <\/h2>\n\n    <\/div>\n\n    <div id=\"details-8-0\" class=\"panel-collapse collapse  oscitas-bootstrap-container\">\n\n        <div class=\"panel-body oscitas-bootstrap-container\">\n<p>&nbsp;<\/p>\n<hr  style=\"margin:40px 0\"class=\" rule-thin osc-rule\" \/>\n<\/div>\n\n    <\/div>\n        \n<\/div>\n<\/div>\n<div role=\"tablist\" class=\"panel-group yourcustomclass oscitas-bootstrap-container\" id=\"unc-accordion-9\">\n\n<div class=\"panel panel-default oscitas-bootstrap-container\">\n\n    <div id=\"panel-heading-details-9-0\" class=\"panel-heading oscitas-bootstrap-container\" role=\"tab\">\n\n        <h2 class=\"panel-title oscitas-bootstrap-container\">\n\n            <button class=\"accordion-toggle oscitas-bootstrap-container collapsed\" \n                id = \"button-details-9-0\"\n                data-toggle=\"collapse\"\n                data-parent=\"#unc-accordion-9\"    \n                aria-controls=\"#details-9-0\"  \n                aria-expanded=\"false\" \n                href=\"#details-9-0\">\n                October            <\/button>\n\n        <\/h2>\n\n    <\/div>\n\n    <div id=\"details-9-0\" class=\"panel-collapse collapse  oscitas-bootstrap-container\">\n\n        <div class=\"panel-body oscitas-bootstrap-container\">\n<p>&nbsp;<\/p>\n<hr  style=\"margin:40px 0\"class=\" rule-thin osc-rule\" \/>\n<\/div>\n\n    <\/div>\n        \n<\/div>\n<\/div>\n<div role=\"tablist\" class=\"panel-group yourcustomclass oscitas-bootstrap-container\" id=\"unc-accordion-10\">\n\n<div class=\"panel panel-default oscitas-bootstrap-container\">\n\n    <div id=\"panel-heading-details-10-0\" class=\"panel-heading oscitas-bootstrap-container\" role=\"tab\">\n\n        <h2 class=\"panel-title oscitas-bootstrap-container\">\n\n            <button class=\"accordion-toggle oscitas-bootstrap-container collapsed\" \n                id = \"button-details-10-0\"\n                data-toggle=\"collapse\"\n                data-parent=\"#unc-accordion-10\"    \n                aria-controls=\"#details-10-0\"  \n                aria-expanded=\"false\" \n                href=\"#details-10-0\">\n                November            <\/button>\n\n        <\/h2>\n\n    <\/div>\n\n    <div id=\"details-10-0\" class=\"panel-collapse collapse  oscitas-bootstrap-container\">\n\n        <div class=\"panel-body oscitas-bootstrap-container\">\n<p>&nbsp;<\/p>\n<hr  style=\"margin:40px 0\"class=\" rule-thin osc-rule\" \/>\n<\/div>\n\n    <\/div>\n        \n<\/div>\n<\/div>\n<div role=\"tablist\" class=\"panel-group yourcustomclass oscitas-bootstrap-container\" id=\"unc-accordion-11\">\n\n<div class=\"panel panel-default oscitas-bootstrap-container\">\n\n    <div id=\"panel-heading-details-11-0\" class=\"panel-heading oscitas-bootstrap-container\" role=\"tab\">\n\n        <h2 class=\"panel-title oscitas-bootstrap-container\">\n\n            <button class=\"accordion-toggle oscitas-bootstrap-container collapsed\" \n                id = \"button-details-11-0\"\n                data-toggle=\"collapse\"\n                data-parent=\"#unc-accordion-11\"    \n                aria-controls=\"#details-11-0\"  \n                aria-expanded=\"false\" \n                href=\"#details-11-0\">\n                December            <\/button>\n\n        <\/h2>\n\n    <\/div>\n\n    <div id=\"details-11-0\" class=\"panel-collapse collapse  oscitas-bootstrap-container\">\n\n        <div class=\"panel-body oscitas-bootstrap-container\">\n<p>&nbsp;<\/p>\n<hr  style=\"margin:40px 0\"class=\" rule-thin osc-rule\" \/>\n<\/div>\n\n    <\/div>\n        \n<\/div>\n<\/div>\n","protected":false},"excerpt":{"rendered":"<p>Presentations made by UNC Neurology faculty and residents in 2023 include the following:<\/p>\n","protected":false},"author":35132,"featured_media":0,"parent":12751,"menu_order":0,"comment_status":"closed","ping_status":"closed","template":"","meta":{"_acf_changed":false,"layout":"","cellInformation":"","apiCallInformation":"","footnotes":"","_links_to":"","_links_to_target":""},"class_list":["post-14888","page","type-page","status-publish","hentry","odd"],"acf":[],"yoast_head":"<!-- This site is optimized with the Yoast SEO plugin v26.8 - https:\/\/yoast.com\/product\/yoast-seo-wordpress\/ -->\n<title>Presentations 2023 | Department of Neurology<\/title>\n<meta name=\"robots\" content=\"index, follow, max-snippet:-1, max-image-preview:large, max-video-preview:-1\" \/>\n<link rel=\"canonical\" href=\"https:\/\/www.med.unc.edu\/neurology\/presentations__trashed\/presentations-2023\/\" \/>\n<meta property=\"og:locale\" content=\"en_US\" \/>\n<meta property=\"og:type\" content=\"article\" \/>\n<meta property=\"og:title\" content=\"Presentations 2023 | Department of Neurology\" \/>\n<meta property=\"og:description\" content=\"Presentations made by UNC Neurology faculty and residents in 2023 include the following:\" \/>\n<meta property=\"og:url\" content=\"https:\/\/www.med.unc.edu\/neurology\/presentations__trashed\/presentations-2023\/\" \/>\n<meta property=\"og:site_name\" content=\"Department of Neurology\" \/>\n<meta property=\"article:publisher\" content=\"https:\/\/www.facebook.com\/UNCNeurology\/\" \/>\n<meta property=\"article:modified_time\" content=\"2023-08-08T17:51:05+00:00\" \/>\n<meta property=\"og:image\" content=\"https:\/\/www.med.unc.edu\/neurology\/wp-content\/uploads\/sites\/716\/2023\/01\/3-300x225.jpg\" \/>\n<meta name=\"twitter:card\" content=\"summary_large_image\" \/>\n<meta name=\"twitter:site\" content=\"@UNCneurology\" \/>\n<meta name=\"twitter:label1\" content=\"Est. reading time\" \/>\n\t<meta name=\"twitter:data1\" content=\"20 minutes\" \/>\n<script type=\"application\/ld+json\" class=\"yoast-schema-graph\">{\"@context\":\"https:\/\/schema.org\",\"@graph\":[{\"@type\":\"WebPage\",\"@id\":\"https:\/\/www.med.unc.edu\/neurology\/presentations__trashed\/presentations-2023\/\",\"url\":\"https:\/\/www.med.unc.edu\/neurology\/presentations__trashed\/presentations-2023\/\",\"name\":\"Presentations 2023 | Department of Neurology\",\"isPartOf\":{\"@id\":\"https:\/\/www.med.unc.edu\/neurology\/#website\"},\"primaryImageOfPage\":{\"@id\":\"https:\/\/www.med.unc.edu\/neurology\/presentations__trashed\/presentations-2023\/#primaryimage\"},\"image\":{\"@id\":\"https:\/\/www.med.unc.edu\/neurology\/presentations__trashed\/presentations-2023\/#primaryimage\"},\"thumbnailUrl\":\"https:\/\/www.med.unc.edu\/neurology\/wp-content\/uploads\/sites\/716\/2023\/01\/3-300x225.jpg\",\"datePublished\":\"2023-01-23T18:34:14+00:00\",\"dateModified\":\"2023-08-08T17:51:05+00:00\",\"breadcrumb\":{\"@id\":\"https:\/\/www.med.unc.edu\/neurology\/presentations__trashed\/presentations-2023\/#breadcrumb\"},\"inLanguage\":\"en-US\",\"potentialAction\":[{\"@type\":\"ReadAction\",\"target\":[\"https:\/\/www.med.unc.edu\/neurology\/presentations__trashed\/presentations-2023\/\"]}]},{\"@type\":\"ImageObject\",\"inLanguage\":\"en-US\",\"@id\":\"https:\/\/www.med.unc.edu\/neurology\/presentations__trashed\/presentations-2023\/#primaryimage\",\"url\":\"https:\/\/www.med.unc.edu\/neurology\/wp-content\/uploads\/sites\/716\/2023\/01\/3.jpg\",\"contentUrl\":\"https:\/\/www.med.unc.edu\/neurology\/wp-content\/uploads\/sites\/716\/2023\/01\/3.jpg\",\"width\":640,\"height\":480,\"caption\":\"Jessica Werdel, NP - Choosing Wisely: A QI Initiative to Reduce Daily Labs in the Neuroscience ICU\"},{\"@type\":\"BreadcrumbList\",\"@id\":\"https:\/\/www.med.unc.edu\/neurology\/presentations__trashed\/presentations-2023\/#breadcrumb\",\"itemListElement\":[{\"@type\":\"ListItem\",\"position\":1,\"name\":\"Home\",\"item\":\"https:\/\/www.med.unc.edu\/neurology\/\"},{\"@type\":\"ListItem\",\"position\":2,\"name\":\"Presentations\",\"item\":\"https:\/\/www.med.unc.edu\/neurology\/?page_id=12751\"},{\"@type\":\"ListItem\",\"position\":3,\"name\":\"Presentations 2023\"}]},{\"@type\":\"WebSite\",\"@id\":\"https:\/\/www.med.unc.edu\/neurology\/#website\",\"url\":\"https:\/\/www.med.unc.edu\/neurology\/\",\"name\":\"Department of Neurology\",\"description\":\"\",\"publisher\":{\"@id\":\"https:\/\/www.med.unc.edu\/neurology\/#organization\"},\"potentialAction\":[{\"@type\":\"SearchAction\",\"target\":{\"@type\":\"EntryPoint\",\"urlTemplate\":\"https:\/\/www.med.unc.edu\/neurology\/?s={search_term_string}\"},\"query-input\":{\"@type\":\"PropertyValueSpecification\",\"valueRequired\":true,\"valueName\":\"search_term_string\"}}],\"inLanguage\":\"en-US\"},{\"@type\":\"Organization\",\"@id\":\"https:\/\/www.med.unc.edu\/neurology\/#organization\",\"name\":\"UNC Department of Neurology\",\"url\":\"https:\/\/www.med.unc.edu\/neurology\/\",\"logo\":{\"@type\":\"ImageObject\",\"inLanguage\":\"en-US\",\"@id\":\"https:\/\/www.med.unc.edu\/neurology\/#\/schema\/logo\/image\/\",\"url\":\"https:\/\/www.med.unc.edu\/neurology\/wp-content\/uploads\/sites\/716\/2018\/05\/new_neurology_logo.jpg\",\"contentUrl\":\"https:\/\/www.med.unc.edu\/neurology\/wp-content\/uploads\/sites\/716\/2018\/05\/new_neurology_logo.jpg\",\"width\":1657,\"height\":601,\"caption\":\"UNC Department of Neurology\"},\"image\":{\"@id\":\"https:\/\/www.med.unc.edu\/neurology\/#\/schema\/logo\/image\/\"},\"sameAs\":[\"https:\/\/www.facebook.com\/UNCNeurology\/\",\"https:\/\/x.com\/UNCneurology\",\"https:\/\/www.instagram.com\/unc_neurology\/\",\"https:\/\/www.linkedin.com\/in\/unc-neurology\/\"]}]}<\/script>\n<!-- \/ Yoast SEO plugin. -->","yoast_head_json":{"title":"Presentations 2023 | Department of Neurology","robots":{"index":"index","follow":"follow","max-snippet":"max-snippet:-1","max-image-preview":"max-image-preview:large","max-video-preview":"max-video-preview:-1"},"canonical":"https:\/\/www.med.unc.edu\/neurology\/presentations__trashed\/presentations-2023\/","og_locale":"en_US","og_type":"article","og_title":"Presentations 2023 | Department of Neurology","og_description":"Presentations made by UNC Neurology faculty and residents in 2023 include the following:","og_url":"https:\/\/www.med.unc.edu\/neurology\/presentations__trashed\/presentations-2023\/","og_site_name":"Department of Neurology","article_publisher":"https:\/\/www.facebook.com\/UNCNeurology\/","article_modified_time":"2023-08-08T17:51:05+00:00","og_image":[{"url":"https:\/\/www.med.unc.edu\/neurology\/wp-content\/uploads\/sites\/716\/2023\/01\/3-300x225.jpg","type":"","width":"","height":""}],"twitter_card":"summary_large_image","twitter_site":"@UNCneurology","twitter_misc":{"Est. reading time":"20 minutes"},"schema":{"@context":"https:\/\/schema.org","@graph":[{"@type":"WebPage","@id":"https:\/\/www.med.unc.edu\/neurology\/presentations__trashed\/presentations-2023\/","url":"https:\/\/www.med.unc.edu\/neurology\/presentations__trashed\/presentations-2023\/","name":"Presentations 2023 | Department of Neurology","isPartOf":{"@id":"https:\/\/www.med.unc.edu\/neurology\/#website"},"primaryImageOfPage":{"@id":"https:\/\/www.med.unc.edu\/neurology\/presentations__trashed\/presentations-2023\/#primaryimage"},"image":{"@id":"https:\/\/www.med.unc.edu\/neurology\/presentations__trashed\/presentations-2023\/#primaryimage"},"thumbnailUrl":"https:\/\/www.med.unc.edu\/neurology\/wp-content\/uploads\/sites\/716\/2023\/01\/3-300x225.jpg","datePublished":"2023-01-23T18:34:14+00:00","dateModified":"2023-08-08T17:51:05+00:00","breadcrumb":{"@id":"https:\/\/www.med.unc.edu\/neurology\/presentations__trashed\/presentations-2023\/#breadcrumb"},"inLanguage":"en-US","potentialAction":[{"@type":"ReadAction","target":["https:\/\/www.med.unc.edu\/neurology\/presentations__trashed\/presentations-2023\/"]}]},{"@type":"ImageObject","inLanguage":"en-US","@id":"https:\/\/www.med.unc.edu\/neurology\/presentations__trashed\/presentations-2023\/#primaryimage","url":"https:\/\/www.med.unc.edu\/neurology\/wp-content\/uploads\/sites\/716\/2023\/01\/3.jpg","contentUrl":"https:\/\/www.med.unc.edu\/neurology\/wp-content\/uploads\/sites\/716\/2023\/01\/3.jpg","width":640,"height":480,"caption":"Jessica Werdel, NP - Choosing Wisely: A QI Initiative to Reduce Daily Labs in the Neuroscience ICU"},{"@type":"BreadcrumbList","@id":"https:\/\/www.med.unc.edu\/neurology\/presentations__trashed\/presentations-2023\/#breadcrumb","itemListElement":[{"@type":"ListItem","position":1,"name":"Home","item":"https:\/\/www.med.unc.edu\/neurology\/"},{"@type":"ListItem","position":2,"name":"Presentations","item":"https:\/\/www.med.unc.edu\/neurology\/?page_id=12751"},{"@type":"ListItem","position":3,"name":"Presentations 2023"}]},{"@type":"WebSite","@id":"https:\/\/www.med.unc.edu\/neurology\/#website","url":"https:\/\/www.med.unc.edu\/neurology\/","name":"Department of Neurology","description":"","publisher":{"@id":"https:\/\/www.med.unc.edu\/neurology\/#organization"},"potentialAction":[{"@type":"SearchAction","target":{"@type":"EntryPoint","urlTemplate":"https:\/\/www.med.unc.edu\/neurology\/?s={search_term_string}"},"query-input":{"@type":"PropertyValueSpecification","valueRequired":true,"valueName":"search_term_string"}}],"inLanguage":"en-US"},{"@type":"Organization","@id":"https:\/\/www.med.unc.edu\/neurology\/#organization","name":"UNC Department of Neurology","url":"https:\/\/www.med.unc.edu\/neurology\/","logo":{"@type":"ImageObject","inLanguage":"en-US","@id":"https:\/\/www.med.unc.edu\/neurology\/#\/schema\/logo\/image\/","url":"https:\/\/www.med.unc.edu\/neurology\/wp-content\/uploads\/sites\/716\/2018\/05\/new_neurology_logo.jpg","contentUrl":"https:\/\/www.med.unc.edu\/neurology\/wp-content\/uploads\/sites\/716\/2018\/05\/new_neurology_logo.jpg","width":1657,"height":601,"caption":"UNC Department of Neurology"},"image":{"@id":"https:\/\/www.med.unc.edu\/neurology\/#\/schema\/logo\/image\/"},"sameAs":["https:\/\/www.facebook.com\/UNCNeurology\/","https:\/\/x.com\/UNCneurology","https:\/\/www.instagram.com\/unc_neurology\/","https:\/\/www.linkedin.com\/in\/unc-neurology\/"]}]}},"_links_to":[],"_links_to_target":[],"_links":{"self":[{"href":"https:\/\/www.med.unc.edu\/neurology\/wp-json\/wp\/v2\/pages\/14888","targetHints":{"allow":["GET"]}}],"collection":[{"href":"https:\/\/www.med.unc.edu\/neurology\/wp-json\/wp\/v2\/pages"}],"about":[{"href":"https:\/\/www.med.unc.edu\/neurology\/wp-json\/wp\/v2\/types\/page"}],"author":[{"embeddable":true,"href":"https:\/\/www.med.unc.edu\/neurology\/wp-json\/wp\/v2\/users\/35132"}],"replies":[{"embeddable":true,"href":"https:\/\/www.med.unc.edu\/neurology\/wp-json\/wp\/v2\/comments?post=14888"}],"version-history":[{"count":0,"href":"https:\/\/www.med.unc.edu\/neurology\/wp-json\/wp\/v2\/pages\/14888\/revisions"}],"up":[{"embeddable":true,"href":"https:\/\/www.med.unc.edu\/neurology\/wp-json\/wp\/v2\/pages\/12751"}],"wp:attachment":[{"href":"https:\/\/www.med.unc.edu\/neurology\/wp-json\/wp\/v2\/media?parent=14888"}],"curies":[{"name":"wp","href":"https:\/\/api.w.org\/{rel}","templated":true}]}}